{"id":253,"date":"2021-06-07T19:47:46","date_gmt":"2021-06-07T22:47:46","guid":{"rendered":"https:\/\/rimaazar.ca\/?page_id=253"},"modified":"2023-05-18T12:25:43","modified_gmt":"2023-05-18T15:25:43","slug":"media","status":"publish","type":"page","link":"https:\/\/rimaazar.ca\/index.php\/media\/","title":{"rendered":"Media"},"content":{"rendered":"\n<h2 class=\"wp-block-heading\">Periodically Updated<\/h2>\n\n\n\n<h2 class=\"wp-block-heading\">My Story in the Media<\/h2>\n\n\n\n<p><strong>Links to media articles (February, 2021):<\/strong><\/p>\n\n\n\n<p><a href=\"https:\/\/nationalpost.com\/opinion\/jonathan-kay-a-white-mob-comes-after-an-arab-canadian-professor-in-the-name-of-anti-racism\">https:\/\/nationalpost.com\/opinion\/jonathan-kay-a-white-mob-comes-after-an-arab-canadian-professor-in-the-name-of-anti-racism<\/a><\/p>\n\n\n\n<p><a href=\"https:\/\/www.cbc.ca\/news\/canada\/new-brunswick\/mount-allison-freedom-speech-blog-1.5930117\">https:\/\/www.cbc.ca\/news\/canada\/new-brunswick\/mount-allison-freedom-speech-blog-1.5930117<\/a><\/p>\n\n\n\n<p><strong>Links to print\/online and radio media (May, 2021):<\/strong><\/p>\n\n\n\n<p><a href=\"https:\/\/omny.fm\/shows\/richard-martineau\/un-nouveau-cas-de-censure-woke-dans-une-universit\">https:\/\/omny.fm\/shows\/richard-martineau\/un-nouveau-cas-de-censure-woke-dans-une-universit<\/a><\/p>\n\n\n\n<p><a href=\"https:\/\/www.theepochtimes.com\/mount-allison-university-signals-its-social-justice-commitments-loud-and-clear-in-the-rima-azar-case_3808214.html\">https:\/\/www.theepochtimes.com\/mount-allison-university-signals-its-social-justice-commitments-loud-and-clear-in-the-rima-azar-case_3808214.html<\/a><\/p>\n\n\n\n<p><a href=\"https:\/\/nationalpost.com\/opinion\/rex-murphy-when-the-woke-come-for-conservatives-of-colour\">https:\/\/nationalpost.com\/opinion\/rex-murphy-when-the-woke-come-for-conservatives-of-colour<\/a><\/p>\n\n\n\n<h2 class=\"wp-block-heading\">My Work in the Media<\/h2>\n\n\n\n<h4 class=\"wp-block-heading\"><span class=\"has-inline-color has-white-color\">The links below take you to my blog (Bambi&#8217;s Afkar), to my academic profile, to a personal reflection on teaching\/leadership, and you can read some of the provincial, national, and international media articles about my research and service to the community  <\/span><\/h4>\n\n\n\n<h4 class=\"wp-block-heading\"><span class=\"has-inline-color has-white-color\">Vous pouvez cliquer sur les liens ci-dessous pour voir mon blog (Bambi&#8217;s Afkar), mon profil acad\u00e9mique, une r\u00e9flection personnelle sur l&#8217;enseignement\/le leadership et quelques  articles journalistiques (N-B, Canada et internationaux) sur ma recherche et service \u00e0 la communaut\u00e9<\/span><\/h4>\n\n\n\n<p>Radio-Canada, F\u00eate des m\u00e8res en 2023: sant\u00e9 mentale maternelle [French CBC, Mothers\u2019 Day, 2023 Interview: Maternal Mental Health\u201d]. <a href=\"https:\/\/ici.radio-canada.ca\/ohdio\/premiere\/emissions\/bonjour-la-cote\/segments\/entrevue\/443244\/fete-des-meres-sante-mentale-rima-azar\">https:\/\/ici.radio-canada.ca\/ohdio\/premiere\/emissions\/bonjour-la-cote\/segments\/entrevue\/443244\/fete-des-meres-sante-mentale-rima-azar<\/a><\/p>\n\n\n\n<p><a rel=\"noreferrer noopener\" href=\"https:\/\/bambisafkar.ca\/\" target=\"_blank\">Bambi&#8217;s Afkar<\/a><\/p>\n\n\n\n<p><a href=\"https:\/\/www.mta.ca\/Community\/Bios\/Rima_Azar\/Rima_Azar\/\">My faculty profile, along with a link to my Psychobiology of Stress &amp;Health Lab (Mount Allison University<\/a>)<\/p>\n\n\n\n<pre class=\"wp-block-verse\"><span class=\"has-inline-color has-white-color\">A personal reflection on \"teaching and leadership\", invited by Dr.  Mirella De Civita, CEO of Papillon MDC Inc. (Montreal, Qu\u00e9bec, Canada),  which \"provides state-of-the-art  leadership development programs, knowledge transfer management  services, including executive coaching across various industry sectors  worldwide\":\n<\/span><span style=\"color:#a3002c\" class=\"has-inline-color\"><a href=\"https:\/\/papillonmdc.ca\/teaching-leading-the-learning-boat-to-shore\/\">https:\/\/papillonmdc.ca\/teaching-leading-the-learning-boat-to-shore\/<\/a><\/span><span style=\"color:#a3002c\" class=\"has-inline-color\"><\/span><\/pre>\n\n\n\n<figure class=\"wp-block-image size-large is-resized\"><img loading=\"lazy\" decoding=\"async\" src=\"https:\/\/rimaazar.ca\/wp-content\/uploads\/2021\/06\/Screenshot_2021-06-01-Teaching-Leading-the-Learning-Boat-to-Shore-\u2013-Papillon-MDC-Inc-.png\" alt=\"\" class=\"wp-image-137\" width=\"659\" height=\"955\"\/><figcaption><span class=\"has-inline-color has-white-color\">The link above leads to the text shown in the box.<\/span><\/figcaption><\/figure>\n\n\n\n<p><strong><span class=\"has-inline-color has-white-color\">National coverage about NaviCare\/SoinsNavi research project\/centre by the CIHR:&nbsp;<\/span><\/strong><\/p>\n\n\n\n<figure class=\"wp-block-image size-large\"><img loading=\"lazy\" decoding=\"async\" width=\"897\" height=\"653\" src=\"https:\/\/rimaazar.ca\/wp-content\/uploads\/2021\/06\/Screenshot_2021-06-01-CIHR-on-Twitter.png\" alt=\"\" class=\"wp-image-149\"\/><\/figure>\n\n\n\n<figure class=\"wp-block-image size-large\"><img loading=\"lazy\" decoding=\"async\" width=\"897\" height=\"653\" src=\"https:\/\/rimaazar.ca\/wp-content\/uploads\/2021\/06\/Screenshot_2021-06-01-IRSC-on-Twitter.png\" alt=\"\" class=\"wp-image-148\"\/><\/figure>\n\n\n\n<figure class=\"wp-block-image size-large\"><img loading=\"lazy\" decoding=\"async\" width=\"1458\" height=\"1012\" src=\"https:\/\/rimaazar.ca\/wp-content\/uploads\/2021\/06\/Screenshot_2021-06-01-CIHR-IRSC-on-Instagram-Photo-1-Hannah-McGee-and-Andrew-Leavitt-with-their-son-Jackson-Photo-2-Dr-Rim....png\" alt=\"\" class=\"wp-image-150\"\/><\/figure>\n\n\n\n<figure class=\"wp-block-image size-large\"><img loading=\"lazy\" decoding=\"async\" width=\"897\" height=\"683\" src=\"https:\/\/rimaazar.ca\/wp-content\/uploads\/2021\/06\/Screenshot_2021-06-01-Shoo-Lee-on-Twitter.png\" alt=\"\" class=\"wp-image-151\"\/><\/figure>\n\n\n\n<figure class=\"wp-block-image size-large\"><img loading=\"lazy\" decoding=\"async\" width=\"884\" height=\"678\" src=\"https:\/\/rimaazar.ca\/wp-content\/uploads\/2021\/06\/Screenshot_2021-06-01-Shoo-Lee-on-Twitter1.png\" alt=\"\" class=\"wp-image-152\"\/><\/figure>\n\n\n\n<p><a href=\"https:\/\/www.instagram.com\/p\/Bw45Jd4lzAS\/?utm_source=ig_web_copy_link\"><span class=\"has-inline-color has-white-color\">https:\/\/www.instagram.com\/p\/Bw45Jd4lzAS\/?utm_source=ig_web_copy_link<\/span><\/a><\/p>\n\n\n\n<p><span style=\"color:#a3001b\" class=\"has-inline-color\"><a href=\"http:\/\/www.cihr-irsc.gc.ca\/e\/51458.html\">http:\/\/www.cihr-irsc.gc.ca\/e\/51458.html<\/a>&nbsp;&nbsp;<\/span><\/p>\n\n\n\n<p><strong><span class=\"has-inline-color has-white-color\">Some coverage in our province (full media print, radio\/tv coverage  further below):<\/span><\/strong><\/p>\n\n\n\n<p><a href=\"http:\/\/www.policyresearchnetwork.ca\/shelley-doucet-and-rima-azar\/\"><span class=\"has-inline-color has-white-color\">http:\/\/www.policyresearchnetwork.ca\/shelley-doucet-and-rima-azar\/<\/span><\/a><\/p>\n\n\n\n<p><a href=\"http:\/\/www.mta.ca\/Community\/News\/2014\/December_2014\/NB_Children%E2%80%99s_Foundationprovides_$750,000_gift_for_Mount_Allison,_UNB_research\/\"><span class=\"has-inline-color has-white-color\">http:\/\/www.mta.ca\/Community\/News\/2014\/December_2014\/NB_Children%E2%80%99s_Foundationprovides_$750,000_gift_for_Mount_Allison,_UNB_research\/<\/span><\/a><\/p>\n\n\n\n<p><a href=\"http:\/\/blogs.unb.ca\/newsroom\/2014\/12\/19\/new-brunswick-childrens-foundation-provides-gift-for-university-of-new-brunswick-and-mount-allison-research\/\"><span class=\"has-inline-color has-white-color\">http:\/\/blogs.unb.ca\/newsroom\/2014\/12\/19\/new-brunswick-childrens-foundation-provides-gift-for-university-of-new-brunswick-and-mount-allison-research\/<\/span><\/a><\/p>\n\n\n\n<p><strong><span class=\"has-inline-color has-white-color\">NaviCare\/SoinsNavi:<\/span><\/strong><\/p>\n\n\n\n<p><span class=\"has-inline-color has-white-color\">Website: <a href=\"http:\/\/navicare-soinsnavi.ca\/\">http:\/\/navicare-soinsnavi.ca\/<\/a><\/span><\/p>\n\n\n\n<p><span class=\"has-inline-color has-white-color\">Short video: <a href=\"https:\/\/tinyurl.com\/y6etgbot\">https:\/\/tinyurl.com\/y6etgbot<\/a> &nbsp;&nbsp;<\/span><\/p>\n\n\n\n<p><span class=\"has-inline-color has-white-color\">&#8212;&#8211;<\/span><\/p>\n\n\n\n<p><span class=\"has-inline-color has-white-color\">I was selected &#8220;<em>NB Health Researcher of the Month<\/em>&#8221; (January, 2013) by NBHRF:&nbsp;<a rel=\"noreferrer noopener\" href=\"https:\/\/www.youtube.com\/watch?v=7IH02GBR-30\" target=\"_blank\">http:\/\/www.youtube.com\/watch?v=7IH02GBR-30<\/a><\/span><\/p>\n\n\n\n<p><a href=\"https:\/\/www.nbhrf.com\/files\/page-files\/dre-rima-azar\/\/rima-azar.pdf\"><span class=\"has-inline-color has-white-color\">https:\/\/www.nbhrf.com\/files\/page-files\/dre-rima-azar\/\/rima-azar.pdf<\/span><\/a><\/p>\n\n\n\n<p><span class=\"has-inline-color has-white-color\">Our team (Dr. Shelley Doucet and myself) were selected &#8220;<em>Researchers of the Month<\/em>&#8221; (August, 2015) by NBSPRN: <a href=\"http:\/\/www.policyresearchnetwork.ca\/shelley-doucet-and-rima-azar\/\">http:\/\/www.policyresearchnetwork.ca\/shelley-doucet-and-rima-azar\/<\/a><\/span><\/p>\n\n\n\n<p><span class=\"has-inline-color has-white-color\">NBHRF selected CRIC as Team of the month (2019): <a href=\"https:\/\/www.nbhrf.com\/en\/researchers-month-2019\">https:\/\/www.nbhrf.com\/en\/researchers-month-2019<\/a><\/span><\/p>\n\n\n\n<p><span class=\"has-inline-color has-white-color\">&#8212;&#8211;<\/span><\/p>\n\n\n\n<p><span class=\"has-inline-color has-white-color\">A Commentary by Dr. Kathleen Pajer and Dr. William Gardner (<a href=\"https:\/\/www.jaacap.org\/article\/S0890-8567(09)61253-3\/fulltext\">https:\/\/www.jaacap.org\/article\/S0890-8567(09)61253-3\/fulltext<\/a>) about one of my publications on cortisol levels and conduct disorder in adolescent mothers in the <em>Journal of the American Academy of Child &amp; Adolescent Psychiatry<\/em> (<a href=\"https:\/\/www.jaacap.org\/article\/S0890-8567(09)61252-1\/fulltext\">https:\/\/www.jaacap.org\/article\/S0890-8567(09)61252-1\/fulltext<\/a>)<\/span><\/p>\n\n\n\n<p><span class=\"has-inline-color has-white-color\">A press release by <em>Biological Psychiatry<\/em> about one of my publications on maternal major depression, overcontrolling behaviour and increased stress (ie., cortisol) response in infants: <a href=\"https:\/\/www.elsevier.com\/about\/press-releases\/research-and-journals\/maternal-depression-and-controlling-behavior-are-associated-with-increased-stress-response-in-infants\">https:\/\/www.elsevier.com\/about\/press-releases\/research-and-journals\/maternal-depression-and-controlling-behavior-are-associated-with-increased-stress-response-in-infants<\/a><\/span><\/p>\n\n\n\n<p><strong><span class=\"has-inline-color has-white-color\">Broadcast Interviews<\/span><\/strong><\/p>\n\n\n\n<p>2023\/05\/27 Entrevue, Radio-Canada, F\u00eate des m\u00e8res en 2023:\u00a0sant\u00e9 mentale maternelle [French CBC, Mothers\u2019 Day, 2023 Interview: Maternal Mental Health\u201d] <a href=\"https:\/\/ici.radio-canada.ca\/ohdio\/premiere\/emissions\/bonjour-la-cote\/segments\/entrevue\/443244\/fete-des-meres-sante-mentale-rima-azar\">https:\/\/ici.radio-canada.ca\/ohdio\/premiere\/emissions\/bonjour-la-cote\/segments\/entrevue\/443244\/fete-des-meres-sante-mentale-rima-azar<\/a>.<\/p>\n\n\n\n<p><span class=\"has-inline-color has-white-color\">2020\/03\/26 Covid-19: &#8220;Un message au nom de NaviCare\/SoinsNavi&#8221;, Radio interview live with Mr. Marcel Parker Gallant, CJSE (broadcasting from Shediac, NB)<\/span><\/p>\n\n\n\n<p><span class=\"has-inline-color has-white-color\">2020\/02\/04 Universit\u00e9 Mount Allison: Entrevue avec Rima Azar et Gabriella Fisher, Radio-Canada with Mr. Michel Nogue, French CBC Radio<\/span><\/p>\n\n\n\n<p><span class=\"has-inline-color has-white-color\">2019\/11\/01 Why you shouldn&#8217;t downplay a concussion (Ms. Jonna Brewer interviewing Dr. Jennifer Tomes and Mr. Dan Steeves), Information Morning &#8211; Moncton with Jonna Brewer (her guests, Dr. Tomes and Mr. Steeves participated in the Mount A Breakfast Chat, which I hosted\/moderated at the Marshlands Inn (Sackville, NB), CBC Radio<\/span><\/p>\n\n\n\n<p><span class=\"has-inline-color has-white-color\">2019\/10\/05 French CBC Radio Interview (live in the news at 6 PM): \u00ab La parole au patient \u00bb pour trouver des solutions aux d\u00e9fis en soins de sant\u00e9&#8221;, Nouvelles \u00e0 6 PM., Radio-Canada, Acadie<\/span><\/p>\n\n\n\n<p><span class=\"has-inline-color has-white-color\">2019\/03\/16 Mount A Breakfast Chat (2019): Living with Fetal Alcohol Spectrum Disorder (in French), 6 PM-News, Radio-Canada, les Nouvelles (French CBC- the News)<\/span><\/p>\n\n\n\n<p><span class=\"has-inline-color has-white-color\">2019\/03\/01 Segment on the functioning of the NaviCare\/SoinsNavi centre, Documentary for the News program, Radio-Canada (French CBC)<\/span><\/p>\n\n\n\n<p><span class=\"has-inline-color has-white-color\">2017\/01\/13 New phone service helps parents of children with complex illnesses navigate health system, MAX 104.9 Radio, MAX 104.9 Radio, MAX 104.9 Radio<\/span><\/p>\n\n\n\n<p><a href=\"https:\/\/tinyurl.com\/z3o2scx\"><span class=\"has-inline-color has-white-color\">https:\/\/tinyurl.com\/z3o2scx<\/span><\/a><\/p>\n\n\n\n<p><span class=\"has-inline-color has-white-color\">2017\/01\/11 Help for families with children with complex health conditions, CBC Information Morning, CBC, CBC Information Morning in Moncton<\/span><\/p>\n\n\n\n<p><a href=\"https:\/\/tinyurl.com\/zt3rrjs\"><span class=\"has-inline-color has-white-color\">https:\/\/tinyurl.com\/zt3rrjs<\/span><\/a><\/p>\n\n\n\n<p><span class=\"has-inline-color has-white-color\">2017\/01\/11 NaviCare\/SoinsNavi, L&#8217;heure de pointe Acadie: Sant\u00e9, Radio-Canada (French CBC), Radio-Canada\/Acadie (French CBC, Atlantic)<\/span><\/p>\n\n\n\n<p><a href=\"https:\/\/tinyurl.com\/jbjam6x\"><span class=\"has-inline-color has-white-color\">https:\/\/tinyurl.com\/jbjam6x<\/span><\/a><\/p>\n\n\n\n<p><span class=\"has-inline-color has-white-color\">2017\/01\/11 Navi Care\/SoinsNavi: un centre de soutien unique au pays pour aider les familles du Nouveau-Brunswick, Radio-Canada interview, Radio-Canada (French CBC), Radio-Canada (French CBC)<\/span><\/p>\n\n\n\n<p><a href=\"https:\/\/tinyurl.com\/jk9r4hn\"><span class=\"has-inline-color has-white-color\">https:\/\/tinyurl.com\/jk9r4hn<\/span><\/a><\/p>\n\n\n\n<p><span class=\"has-inline-color has-white-color\">2017\/01\/10 The newly launched centre for children with complex health conditions in NB, CBC Video on NaviCare\/SoinsNavi, CBC, CBC<\/span><\/p>\n\n\n\n<p><a href=\"http:\/\/www.cbc.ca\/player\/play\/852503107541\"><span class=\"has-inline-color has-white-color\">http:\/\/www.cbc.ca\/player\/play\/852503107541<\/span><\/a><\/p>\n\n\n\n<p><span class=\"has-inline-color has-white-color\">2017\/01\/10 New Brunswick. New service introduced aimed at providing aid to young children with complex health needs and their families, Global News at 6, Global News, Global News at6 &#8211; New Brunswick<\/span><\/p>\n\n\n\n<p><a href=\"https:\/\/tinyurl.com\/ztr3fk7\"><span class=\"has-inline-color has-white-color\">https:\/\/tinyurl.com\/ztr3fk7<\/span><\/a><\/p>\n\n\n\n<p><span class=\"has-inline-color has-white-color\">2017\/01\/10 New Brunswick at 6. NaviCare\/SoinsNavi, new centre for children with complex health conditions., CBC News: New Brunswick at 6, CBC News, CBC News: New Brunswick at 6<\/span><\/p>\n\n\n\n<p><a href=\"http:\/\/www.cbc.ca\/player\/play\/851895875663\"><span class=\"has-inline-color has-white-color\">http:\/\/www.cbc.ca\/player\/play\/851895875663<\/span><\/a><\/p>\n\n\n\n<p><span class=\"has-inline-color has-white-color\">2017\/01\/10 Virtual Centre Launched To Help Kids With Complex Health Conditions, CHSJ Radio, CHSJ, CHSJ Radio<\/span><\/p>\n\n\n\n<p><span class=\"has-inline-color has-white-color\">http:\/\/www.country94.ca\/news\/1845385045\/virtual-centre-launched-help-kids-complexhealth-conditions<\/span><\/p>\n\n\n\n<p><span class=\"has-inline-color has-white-color\">2017\/01\/10 Virtual Centre Launched To Help Kids With Complex Health Conditions, 97.3 The Wave, 97.3 The Wave Radio, 97.3 The Wave<\/span><\/p>\n\n\n\n<p><a href=\"https:\/\/tinyurl.com\/hcqefzh\"><span class=\"has-inline-color has-white-color\">https:\/\/tinyurl.com\/hcqefzh<\/span><\/a><\/p>\n\n\n\n<p><span class=\"has-inline-color has-white-color\">2017\/01\/10 Navicare, virtual centre, aims to help NB children with complex health needs, Global News, Global News, Global News<\/span><\/p>\n\n\n\n<p><a href=\"https:\/\/tinyurl.com\/h7dex6e\"><span class=\"has-inline-color has-white-color\">https:\/\/tinyurl.com\/h7dex6e<\/span><\/a><\/p>\n\n\n\n<p><span class=\"has-inline-color has-white-color\">2017\/01\/10 Virtual Centre Launched To Help Kids With Complex Health Conditions, Country 94 RadioNews, Country 94 Radio, Country 94 Radio<\/span><\/p>\n\n\n\n<p><a href=\"https:\/\/tinyurl.com\/hvwkmq3\"><span class=\"has-inline-color has-white-color\">https:\/\/tinyurl.com\/hvwkmq3<\/span><\/a><\/p>\n\n\n\n<p><span class=\"has-inline-color has-white-color\">2017\/01\/10 Virtual Centre Launched To Help Kids With Complex Health Conditions, 91.9 The Bend, 91.9 The Bend Radio, 91.9 The Bend<\/span><\/p>\n\n\n\n<p><a href=\"https:\/\/tinyurl.com\/zwpfnoe\"><span class=\"has-inline-color has-white-color\">https:\/\/tinyurl.com\/zwpfnoe<\/span><\/a><\/p>\n\n\n\n<p><span class=\"has-inline-color has-white-color\">2017\/01\/10 Press Release in Saint John, Jan 10, 2017: TOPIC: Launch of a NaviCare\/SoinsNavi in NB, a new navigation centre for children with complex health conditions <\/span><\/p>\n\n\n\n<p><span style=\"color:#a30042\" class=\"has-inline-color\"><\/span><span class=\"has-inline-color has-white-color\">https:\/\/www.mta.ca\/Community\/News\/2017\/January\/New_centre_for_children_with_complex_health_conditions_launched\/<\/span><\/p>\n\n\n\n<p><span class=\"has-inline-color has-white-color\">blogs.unb.ca\/newsroom\/2017\/01\/10\/new-centre-for-children-with-complex-healthconditions-launched\/ <\/span><\/p>\n\n\n\n<p><span class=\"has-inline-color has-white-color\">This joint press release, UNB Saint John &amp; Mount Allison University, (NB, Canada) led to several TV and radio interviews as well as media publications, including the following (see individual entries in the appropriate section of the CCV): \u00b7 NB Social Policy Research Network \u00b7 CBCvideo \u00b7 CBC Information Morning \u00b7 Radio-Canada \u00b7 Radio-Canada &#8211; L&#8217;heure de pointe Acadie \u00b7 Global News \u00b7 Sackville Tribune-Post \u00b7 Mount Allison University \u00b7 University of New Brunswick \u00b7Sykes \u00b7 MAX 104.9 Radio \u00b7 CHSJ Radio \u00b7 CBC News: New Brunswick at 6 \u00b7 Global News at 6 &#8211; New Brunswick \u00b7 CBC News NB Online \u00b7 Telegraph Journal &#8211; Jan 10th \u00b7 Telegraph Journal &#8211; Jan 11th \u00b7 Country 94 Radio \u00b7 New Brunswick Health Council \u00b7 New Brunswick Health Research Foundation \u00b7 91.9 The Bend \u00b7 97.3 The Wave<\/span><\/p>\n\n\n\n<p><span class=\"has-inline-color has-white-color\">2016\/12\/01 Announcement of our RSC-Atlantic Chapter-funded annual bilingual public event entitled (in English): Mount A Breakfast Chat: Growing up with a complex health condition, CBC Radio, CBC Radio. This interview has likely helped in reaching out to interested participants to attend this free annual bilingual community outreach event (over 40 engaged participants).<\/span><\/p>\n\n\n\n<p><span class=\"has-inline-color has-white-color\">2016\/06\/21 NBHRF Press Release with Health Minister, the Honourable Jane Phillpot about cofunding from CIHR and NBHRF for CHILD-BRIGHT and the NB-SPOR-PIHCI.The Pan-Canadian large CHILD BRIGHT research Network, NBHRF Media Relations, event took place at the University of New Brunswick Saint John, Saint John, NB, Canada<\/span><\/p>\n\n\n\n<p><span class=\"has-inline-color has-white-color\">2016\/05\/04 NBHRF Press Announcement on major provincial funding for youth mental health funding (with Premier Brian Gallant) at the Centre de formation m\u00e9dicale, Universit\u00e9 de Moncton, NB (including our NBCF and CIHR funded projects), NBHRF along with GNB, NBHRF MEdia Relations<\/span><\/p>\n\n\n\n<p><span class=\"has-inline-color has-white-color\">2015\/01\/05 New Brunswick Virtual Health Centre for Children project, CBC Information Morning with Terry Seguin. http:\/\/www.cbc.ca\/informationmorningfredericton\/2015\/01\/06\/new-virtualhealth-centre\/, CBC, Terry Seguin<\/span><\/p>\n\n\n\n<p><a href=\"http:\/\/www.cbc.ca\/informationmorningfredericton\/2015\/01\/06\/new-virtual-health-centre\/\"><span class=\"has-inline-color has-white-color\">http:\/\/www.cbc.ca\/informationmorningfredericton\/2015\/01\/06\/new-virtual-health-centre\/<\/span><\/a><\/p>\n\n\n\n<p><span class=\"has-inline-color has-white-color\">2013\/11\/14 Interviewed by Frequent Seas Production video crew, a production company, hired by the New Brunswick Health Research Foundation (NBHRF) to produce a youTube video on my lab as I am a nominee for &#8220;NB Health Researcher of the Year&#8221;, Video published onyouTube by NBHRF<\/span><\/p>\n\n\n\n<p><a rel=\"noreferrer noopener\" href=\"https:\/\/www.youtube.com\/watch?v=7IH02GBR-30\" target=\"_blank\"><span class=\"has-inline-color has-white-color\">http:\/\/www.youtube.com\/watch?v=7IH02GBR-30<\/span><\/a><\/p>\n\n\n\n<p><span class=\"has-inline-color has-white-color\">2013\/04\/10 Interviewed by Mr. David Bell for CTV Live at 5. Student stress during final exams, CTV Live at 5, CTV Atlantic News, Bell, David<\/span><\/p>\n\n\n\n<p><span class=\"has-inline-color has-white-color\">2012\/11\/20 Interviewed by Ms. Starr Dobson, Producer and Co-host of CTV Live at 5, for CTV News Chanel about stress and physical illnesses, and my research in this area., CTV Live at 5,CTV Atlantic News<\/span><\/p>\n\n\n\n<p><span class=\"has-inline-color has-white-color\">2012\/11\/19 Live Radio interviewed by Ms. Janique Leblanc for the French CBC (Radio-Canada). Interviewed about chronic stress, depressive symptoms, and inflammation (November 20, 2012)., Libre-Echange, Radio-Canada <\/span><\/p>\n\n\n\n<p><span class=\"has-inline-color has-white-color\">2011\/08\/12 Interviewed by Ms. Cathy LeBreton for Rogers News 91.9 Radio about the Feelings Matter When Expecting a Baby: Psychoneuroimmunology (FMWB-PP) Study), Radio news, Rogers News 91.9 Radio<\/span><\/p>\n\n\n\n<p><strong><span class=\"has-inline-color has-white-color\">Text Interviews<\/span><\/strong><\/p>\n\n\n\n<p><span class=\"has-inline-color has-white-color\">2020\/05\/05 Psychology department faculty speak to students about their research on panel, The Argosy (student journal)<\/span><\/p>\n\n\n\n<figure class=\"wp-block-embed is-type-wp-embed is-provider-the-argosy wp-block-embed-the-argosy\"><div class=\"wp-block-embed__wrapper\">\n<blockquote class=\"wp-embedded-content\" data-secret=\"KJ8aWDEDE6\"><a href=\"https:\/\/www.since1872.ca\/news\/psychology-department-faculty-speak-to-students-about-their-research-on-panel\/\">Psychology department faculty speak to students about their research on panel<\/a><\/blockquote><iframe class=\"wp-embedded-content\" sandbox=\"allow-scripts\" security=\"restricted\" style=\"position: absolute; clip: rect(1px, 1px, 1px, 1px);\" title=\"&#8220;Psychology department faculty speak to students about their research on panel&#8221; &#8212; The Argosy \" src=\"https:\/\/www.since1872.ca\/news\/psychology-department-faculty-speak-to-students-about-their-research-on-panel\/embed\/#?secret=VS70VVlBG2#?secret=KJ8aWDEDE6\" data-secret=\"KJ8aWDEDE6\" width=\"600\" height=\"338\" frameborder=\"0\" marginwidth=\"0\" marginheight=\"0\" scrolling=\"no\"><\/iframe>\n<\/div><\/figure>\n\n\n\n<p><span class=\"has-inline-color has-white-color\">2020\/02\/04 Universit\u00e9 Mount Allison: Entrevue avec Rima Azar et Gabrielle Fisher, French CBC, text interview with Mr. Michel Nogue<\/span><\/p>\n\n\n\n<p><span class=\"has-inline-color has-white-color\">2019\/11\/02 Athletes need to be pragmatic \u2014 not secretive \u2014 about concussions, researcher says (interview with the expert, Dr. Jennifer Tomes and patient, Mr. Dan Steeves), CBC (Dr.Tomes and Professor Steeves) participated in the Mount A Chat with 40 participants; I hosted\/moderated this public outreach event at the Marshlands Inn in Sackville, NB<\/span><\/p>\n\n\n\n<p><a href=\"https:\/\/www.cbc.ca\/news\/canada\/new-brunswick\/mount-allison-concussion-forum-1.5344587\"><span class=\"has-inline-color has-white-color\">https:\/\/www.cbc.ca\/news\/canada\/new-brunswick\/mount-allison-concussion-forum-1.5344587<\/span><\/a><\/p>\n\n\n\n<p><span class=\"has-inline-color has-white-color\">2019\/10\/06 \u00ab La parole au patient \u00bb pour trouver des solutions aux d\u00e9fis en soins de sant\u00e9, Radio-Canada, Ici Nouveau-Brunswick<\/span><\/p>\n\n\n\n<p><a href=\"https:\/\/ici.radio-canada.ca\/nouvelle\/1333539\/parole-au-patient-competition-dragons-soins-sante-nouveau-brunswick\"><span class=\"has-inline-color has-white-color\">https:\/\/ici.radio-canada.ca\/nouvelle\/1333539\/parole-au-patient-competition-dragons-soins-sante-nouveau-brunswick<\/span><\/a><\/p>\n\n\n\n<p><span class=\"has-inline-color has-white-color\">2019\/03\/20 Mt. A Breakfast Chat discusses fetal alcohol spectrum disorder, Argosy<\/span><\/p>\n\n\n\n<figure class=\"wp-block-embed is-type-wp-embed is-provider-the-argosy wp-block-embed-the-argosy\"><div class=\"wp-block-embed__wrapper\">\n<blockquote class=\"wp-embedded-content\" data-secret=\"1uiciI0yOv\"><a href=\"https:\/\/www.since1872.ca\/news\/mt-a-breakfast-chat-discusses-fetal-alcohol-spectrum-disorder\/\">Mt. A Breakfast Chat discusses fetal alcohol spectrum disorder<\/a><\/blockquote><iframe class=\"wp-embedded-content\" sandbox=\"allow-scripts\" security=\"restricted\" style=\"position: absolute; clip: rect(1px, 1px, 1px, 1px);\" title=\"&#8220;Mt. A Breakfast Chat discusses fetal alcohol spectrum disorder&#8221; &#8212; The Argosy \" src=\"https:\/\/www.since1872.ca\/news\/mt-a-breakfast-chat-discusses-fetal-alcohol-spectrum-disorder\/embed\/#?secret=FLeT811yr5#?secret=1uiciI0yOv\" data-secret=\"1uiciI0yOv\" width=\"600\" height=\"338\" frameborder=\"0\" marginwidth=\"0\" marginheight=\"0\" scrolling=\"no\"><\/iframe>\n<\/div><\/figure>\n\n\n\n<p><span class=\"has-inline-color has-white-color\">2017\/10\/08 Scared about your surgery? Talk about it, doc says (media coverage of the Mount A Breakfast Chat I hosted\/moderated at a restaurant in Sackville, NB), Times &amp;Transcript (Health &amp; Well-being section; Moncton-based journalist: Mr. Tom Bateman)<\/span><\/p>\n\n\n\n<p><span class=\"has-inline-color has-white-color\">2017\/09\/21 Eastern Schools (NaviCare\/SoinsNavi centre described in this article as an innovation), Globe and Mail, Sponsor Content<\/span><\/p>\n\n\n\n<p><span class=\"has-inline-color has-white-color\">2017\/01\/30 NBHRF: News from the CEO. Launch of the NaviCare Program. The New Brunswick Centre for children with complex health conditions, New Brunswick Health Research Foundation (NBHRF)<\/span><\/p>\n\n\n\n<p><a href=\"https:\/\/tinyurl.com\/jreqdb9\"><span class=\"has-inline-color has-white-color\">https:\/\/tinyurl.com\/jreqdb9<\/span><\/a><\/p>\n\n\n\n<p><span class=\"has-inline-color has-white-color\">2017\/01\/13 Sackville Tribune-Post: New centre for children with complex health conditions developed by Mount A, UNB researchers. Free telephone service provides help to young patients, families., Sackville Tribune Post (front page &amp; online)<\/span><\/p>\n\n\n\n<p><a href=\"https:\/\/tinyurl.com\/jymesjg\"><span class=\"has-inline-color has-white-color\">https:\/\/tinyurl.com\/jymesjg<\/span><\/a><\/p>\n\n\n\n<p><span class=\"has-inline-color has-white-color\">2017\/01\/11 Telegraph Journal&#8217;s second article about NaviCare\/SoinsNavi (the first appeared on January 10, 2017), Telegraph Journal, January 11, 2017<\/span><\/p>\n\n\n\n<p><a href=\"https:\/\/app.infomart.com\/login\"><span class=\"has-inline-color has-white-color\">https:\/\/app.infomart.com\/login<\/span><\/a><\/p>\n\n\n\n<p><span class=\"has-inline-color has-white-color\">2017\/01\/11 Sykes Assistance Services: New virtual navigation centre for children with complex health conditions, Sykes<\/span><\/p>\n\n\n\n<p><a href=\"https:\/\/tinyurl.com\/ha7jo82\"><span class=\"has-inline-color has-white-color\">https:\/\/tinyurl.com\/ha7jo82<\/span><\/a><\/p>\n\n\n\n<p><span class=\"has-inline-color has-white-color\">2017\/01\/10 CBC News NB Online: New call line for parents of children with disabilities Nurse at the end of bilingual, toll-free line will guide parents to medical experts and financial supports, CBC News NB Online (Cove, R)<\/span><\/p>\n\n\n\n<p><a href=\"https:\/\/tinyurl.com\/jqg4f7x\"><span class=\"has-inline-color has-white-color\">https:\/\/tinyurl.com\/jqg4f7x<\/span><\/a><\/p>\n\n\n\n<p><span class=\"has-inline-color has-white-color\">2017\/01\/10 Telegraph Journal. Update: Support on the way for NB children with complex health conditions, Telegraph Journal (Jan 10, 2017)<\/span><\/p>\n\n\n\n<p><a href=\"https:\/\/tinyurl.com\/jpkho2c\"><span class=\"has-inline-color has-white-color\">https:\/\/tinyurl.com\/jpkho2c<\/span><\/a><\/p>\n\n\n\n<p><span class=\"has-inline-color has-white-color\">2017\/01\/10 University of New Brunswick (UNB): New centre for children with complex health conditions launched, UNB, Media Relations<\/span><\/p>\n\n\n\n<p><a href=\"https:\/\/tinyurl.com\/hr8p7u5\"><span class=\"has-inline-color has-white-color\">https:\/\/tinyurl.com\/hr8p7u5<\/span><\/a><\/p>\n\n\n\n<p><span class=\"has-inline-color has-white-color\">2017\/01\/10 The New Brunswick Health Council\/Le Conseil de la sant\u00e9 du Nouveau-Brunswick: Call line aims to help New Brunswick parents of children with disabilities access services, The New Brunswick Health Council, The New Brunswick Health Council has a dual mandate of engaging citizens and reporting on health system performance<\/span><\/p>\n\n\n\n<p><a href=\"https:\/\/tinyurl.com\/jbthfm6\"><span class=\"has-inline-color has-white-color\">https:\/\/tinyurl.com\/jbthfm6<\/span><\/a><\/p>\n\n\n\n<p><span class=\"has-inline-color has-white-color\">2017\/01\/10 Mount Allison University: New centre for children with complex health conditions launched, Mount Allison University, Media Relations<\/span><\/p>\n\n\n\n<p><a href=\"https:\/\/tinyurl.com\/zhgjxb6\"><span class=\"has-inline-color has-white-color\">https:\/\/tinyurl.com\/zhgjxb6<\/span><\/a><\/p>\n\n\n\n<p><span class=\"has-inline-color has-white-color\">2017\/01\/10 NaviCare\/SoinsNavi: A new centre for children with complex health conditions launched, NB Social Policy Research Network<\/span><\/p>\n\n\n\n<p><a href=\"http:\/\/www.policyresearchnetwork.ca\/news\/new-centre-children-complex-health-conditions-launched\/\"><span class=\"has-inline-color has-white-color\">http:\/\/www.policyresearchnetwork.ca\/news\/new-centre-children-complex-health-conditions-launched\/<\/span><\/a><\/p>\n\n\n\n<p><span class=\"has-inline-color has-white-color\">2016\/12\/15 Press article by the Sackville Tribune Post on the second edition of the Mount A Breakfast Chat entitled in English: Mount A Break fast Chat: Growing up with a complex health condition, Front cover of the hard copy and online version<\/span><\/p>\n\n\n\n<p><a href=\"http:\/\/www.sackvilletribunepost.com\/community\/2016\/11\/28\/mount-a-breakfast-chat-event-to-explore-complex-health-condition.html\"><span class=\"has-inline-color has-white-color\">http:\/\/www.sackvilletribunepost.com\/community\/2016\/11\/28\/mount-a-breakfast-chat-event-to-explore-complex-health-condition.html<\/span><\/a><\/p>\n\n\n\n<p><span class=\"has-inline-color has-white-color\">2016\/11\/15 Press Release by Mount Allison University about the RSC-Atlantic-funded second edition of the Mount A Breakfast Chat on children with complex health conditions, Aloma Jardine, Media Relations, Mount Allison University, This lead to a media coverage by CBC Radio and a press article by the Sackville Tribune Post (hard copy and online version)<\/span><\/p>\n\n\n\n<p><a href=\"https:\/\/www.mta.ca\/Community\/News\/2016\/November\/\"><span class=\"has-inline-color has-white-color\">https:\/\/www.mta.ca\/Community\/News\/2016\/November\/<\/span><\/a><\/p>\n\n\n\n<p><span class=\"has-inline-color has-white-color\">2016\/10\/15 Press article by the Sackville Tribune Post about the first edition of the Mount A Breakfast Chat entitled (in English): Mount A Breakfast Chat: Breaking bread and taboos to move forward (event attended by over 50 engaged citizens from Sackville, Dieppe, Moncton as well as Amherst, NS).<\/span><\/p>\n\n\n\n<p><span class=\"has-inline-color has-white-color\">2016\/05\/15 NBHRF (New Brunswick Health Research Foundation) interview with Co-PIs, Dr. Rima Azar &amp; Shelley Doucet about our CIHR and NBHRF-funded CHILD BRIGHT grant, interview conducted in May, 2016 (published in the NBHRF report as \u201cFeatured Researchers\u201d)<\/span><\/p>\n\n\n\n<p><span class=\"has-inline-color has-white-color\">2016\/05\/15 \u00c9tude de cas\/Case Study: NB SPOR PHICI Children\u2019s health study grant (PIs: Azar R &amp; Doucet, S), New Brunswick Social Policy Research Network (NBSPRN)<\/span><\/p>\n\n\n\n<p><span class=\"has-inline-color has-white-color\">2015\/10\/15 Press Release by Mount Allison University about the first Mount A Breafast Chat entitled (in English): Mount A Breakfast Chat on miscarriages: Breaking bread and taboos to move forward, Ms. Laura Dilllman, Media Relations, Mount Allison University<\/span><\/p>\n\n\n\n<p><a href=\"https:\/\/www.mta.ca\/Community\/News\/2015\/October_2015\/MtA_Breakfast_Chat_event_focuses_on_the_science_\"><span class=\"has-inline-color has-white-color\">https:\/\/www.mta.ca\/Community\/News\/2015\/October_2015\/MtA_Breakfast_Chat_event_focuses_on_the_science_<\/span><\/a><\/p>\n\n\n\n<p><span class=\"has-inline-color has-white-color\">This lead to a media press article by the Sackville Tribune Post.<\/span><\/p>\n\n\n\n<p><span class=\"has-inline-color has-white-color\">2015\/08\/19 New Brunswick Social Policy Research Network\u2019s August Newsletter (2015). Member Spotlight, Beaulieu, S on behalf of NBSPNR<\/span><\/p>\n\n\n\n<p><a href=\"http:\/\/us6.campaign-archive1.com\/?u=603879ccd973f5e59350d8573&amp;id=45943335a0&amp;e=e8b7058036\"><span class=\"has-inline-color has-white-color\">http:\/\/us6.campaign-archive1.com\/?u=603879ccd973f5e59350d8573&amp;id=45943335a0&amp;e=e8b7058036<\/span><\/a><\/p>\n\n\n\n<p><span class=\"has-inline-color has-white-color\">2015\/02\/20 Kudos for being awarded a $750,000 grant from the NB Children\u2019s Foundation to assist in the development of a virtual health centre in New Brunswick, KV Style &#8211; Volume 11, Issue 2014\/12\/20 \u201cChildren health centre gets funding\u201d, Telegraph Journal (with Mr. Bruce Bartlett)<\/span><\/p>\n\n\n\n<p><span class=\"has-inline-color has-white-color\">2014\/12\/19 UNB Press Release: Announcement of $750,000 grant to assist in the development of a virtual health centre in New Brunswick, University of New Brunswick Press Release (I am Co-PI of this project (along with Dr. Shelley Doucet from UNB-Saint John, NB)<\/span><\/p>\n\n\n\n<p><a href=\"http:\/\/blogs.unb.ca\/newsroom\/2014\/12\/19\/new-brunswick-children\"><span class=\"has-inline-color has-white-color\">http:\/\/blogs.unb.ca\/newsroom\/2014\/12\/19\/new-brunswick-children<\/span><\/a><\/p>\n\n\n\n<p><span class=\"has-inline-color has-white-color\">2014\/12\/19 Mount Allison University Press Release: Announcement of $750,000 grant to assist in the development of a virtual health centre in New Brunswick, Mount Allison University Press Release (I am co-PI of this project, along with Dr.Shelley Doucet from UNB- Saint John, NB)<\/span><\/p>\n\n\n\n<p><a href=\"http:\/\/www.mta.ca\/Community\/News\/2014\/D\"><span class=\"has-inline-color has-white-color\">http:\/\/www.mta.ca\/Community\/News\/2014\/D<\/span><\/a><\/p>\n\n\n\n<p><span class=\"has-inline-color has-white-color\">2013\/02\/08 &#8220;Une chercheuse libano-canadienne se d\u00e9marque au Nouveau Brunswick&#8221;, Ecological rubric entitled &#8220;Ma plan\u00e8te verte&#8221; in &#8220;Sant\u00e9 Beaut\u00e9&#8221;, a Lebanese journal <\/span><\/p>\n\n\n\n<p><span class=\"has-inline-color has-white-color\">2013\/01\/05 &#8220;Recognizing a Health Researcher who is changing the face of New Brunswick: Dr. RimaAzar&#8221; (chosen by the NBHRF as researcher of the Month&#8211; January 2013)., Telegraph Journal<\/span><\/p>\n\n\n\n<p><span class=\"has-inline-color has-white-color\">2012\/07\/14 Interview about my research: The French-language &#8220;L&#8217;Orient Le Jour&#8221;, one of the main daily Lebanese newspapers, interviewed me about my research program., Article Title: &#8220;Une chercheuse libano-canadienne s&#8217;int\u00e9resse a la fameuse depression chez les femmes enceintes&#8221;[A Lebanese-Canadian researcher is interested in depression during pregnancy], L&#8217;Orient Le jour<\/span><\/p>\n\n\n\n<p><a href=\"https:\/\/www.lorientlejour.com\/article\/768232\/Une_chercheuse_libano-canadienne_s%2527interesse_a_la_fameuse_depression_chez_les_femmes_enceintes.html\"><span class=\"has-inline-color has-white-color\">https:\/\/www.lorientlejour.com\/article\/768232\/Une_chercheuse_libano-canadienne_s%2527interesse_a_la_fameuse_depression_chez_les_femmes_enceintes.html<\/span><\/a><\/p>\n\n\n\n<p><span class=\"has-inline-color has-white-color\">2012\/07\/14 Interview about my research: &#8220;L&#8217;Orient des Campus&#8221;, affiliated with &#8220;L&#8221;Orient Le Jour&#8221; (covers the news on universities and on Lebanese youth) published on its website the article that appeared in &#8220;L&#8217;Orient le Jour&#8221; newspaper., L&#8217;Orient des Campus<\/span><\/p>\n\n\n\n<p><span class=\"has-inline-color has-white-color\">2010\/12\/10 &#8220;Here\u2019s how to beat holiday blues. Experts offer tips on making Christmas as stress-free as possible&#8221;., Interviewed by Mr. Craig Babstock, Times &amp; Transcript. This article was published on the journal\u2019s front page and it was announced on Mount Allison University\u2019s webpage<\/span><\/p>\n\n\n\n<p><span class=\"has-inline-color has-white-color\">2010\/01\/15 Interview about the the H1N1 Pandemic., interviewed by a student journalist, Argosy Journal (after the publication of the &#8220;Telegraph&#8221; article)<\/span><\/p>\n\n\n\n<p><span class=\"has-inline-color has-white-color\">2009\/12\/15 &#8220;What does not kill you makes you stronger&#8221;. Interviewed by Ms. Melissa Lombard about my research, the Record, Science edition. After this article was published, my work was highlighted on Mount Allison university\u2019s newly designed home page, which included a link to the article for a month<\/span><\/p>\n\n\n\n<figure class=\"wp-block-embed is-type-rich is-provider-scribd wp-block-embed-scribd wp-embed-aspect-9-16 wp-has-aspect-ratio\"><div class=\"wp-block-embed__wrapper\">\n<iframe loading=\"lazy\" title=\"Mount Allison University--The Record (Winter 2010 (Part 2 of 4))\" class=\"scribd_iframe_embed\" src=\"https:\/\/www.scribd.com\/embeds\/46123964\/content\" data-aspect-ratio=\"0.7729220222793488\" scrolling=\"no\" id=\"46123964\" width=\"750\" height=\"1000\" frameborder=\"0\"><\/iframe><script type=\"text\/javascript\">          (function() { var scribd = document.createElement(\"script\"); scribd.type = \"text\/javascript\"; scribd.async = true; scribd.src = \"https:\/\/www.scribd.com\/javascripts\/embed_code\/inject.js\"; var s = document.getElementsByTagName(\"script\")[0]; s.parentNode.insertBefore(scribd, s); })()        <\/script>\n<\/div><\/figure>\n\n\n\n<p><span class=\"has-inline-color has-white-color\">2009\/11\/07 &#8220;The Fear factor, article on the H1N1 Pandemic&#8221;, the Telegraph Newspaper. Interviewed by Ms. Brett Bundale for the Telegraph. Mount Allison University issued a press release about this article<\/span><\/p>\n\n\n\n<p><span class=\"has-inline-color has-white-color\">2008\/12\/23 &#8220;Does dark weather bring dark mood? Interview on Seasonal Affective Disorder (SAD)&#8221;. Interviewed by Ms. Hanne Armstrong for the Telegraph Journal, distributed in Moncton, Fredericton, &amp; St-John<\/span><\/p>\n","protected":false},"excerpt":{"rendered":"<p>Periodically Updated My Story in the Media Links to media articles (February, 2021): https:\/\/nationalpost.com\/opinion\/jonathan-kay-a-white-mob-comes-after-an-arab-canadian-professor-in-the-name-of-anti-racism https:\/\/www.cbc.ca\/news\/canada\/new-brunswick\/mount-allison-freedom-speech-blog-1.5930117 Links to print\/online and radio media (May, 2021): https:\/\/omny.fm\/shows\/richard-martineau\/un-nouveau-cas-de-censure-woke-dans-une-universit https:\/\/www.theepochtimes.com\/mount-allison-university-signals-its-social-justice-commitments-loud-and-clear-in-the-rima-azar-case_3808214.html https:\/\/nationalpost.com\/opinion\/rex-murphy-when-the-woke-come-for-conservatives-of-colour My Work in the Media The links below take you to my blog (Bambi&#8217;s Afkar), to my academic profile, to a personal reflection on teaching\/leadership, and you can read&hellip; <a class=\"more-link\" href=\"https:\/\/rimaazar.ca\/index.php\/media\/\">Continue reading <span class=\"screen-reader-text\">Media<\/span><\/a><\/p>\n","protected":false},"author":1,"featured_media":0,"parent":0,"menu_order":0,"comment_status":"closed","ping_status":"closed","template":"","meta":{"footnotes":""},"_links":{"self":[{"href":"https:\/\/rimaazar.ca\/index.php\/wp-json\/wp\/v2\/pages\/253"}],"collection":[{"href":"https:\/\/rimaazar.ca\/index.php\/wp-json\/wp\/v2\/pages"}],"about":[{"href":"https:\/\/rimaazar.ca\/index.php\/wp-json\/wp\/v2\/types\/page"}],"author":[{"embeddable":true,"href":"https:\/\/rimaazar.ca\/index.php\/wp-json\/wp\/v2\/users\/1"}],"replies":[{"embeddable":true,"href":"https:\/\/rimaazar.ca\/index.php\/wp-json\/wp\/v2\/comments?post=253"}],"version-history":[{"count":7,"href":"https:\/\/rimaazar.ca\/index.php\/wp-json\/wp\/v2\/pages\/253\/revisions"}],"predecessor-version":[{"id":478,"href":"https:\/\/rimaazar.ca\/index.php\/wp-json\/wp\/v2\/pages\/253\/revisions\/478"}],"wp:attachment":[{"href":"https:\/\/rimaazar.ca\/index.php\/wp-json\/wp\/v2\/media?parent=253"}],"curies":[{"name":"wp","href":"https:\/\/api.w.org\/{rel}","templated":true}]}}